{"id":787,"date":"2024-06-08T08:18:44","date_gmt":"2024-06-08T08:18:44","guid":{"rendered":"https:\/\/haveldervielfalt.de\/?page_id=787"},"modified":"2024-06-08T08:18:44","modified_gmt":"2024-06-08T08:18:44","slug":"pressemitteilung","status":"publish","type":"page","link":"https:\/\/haveldervielfalt.de\/?page_id=787","title":{"rendered":"Pressemitteilung"},"content":{"rendered":"\n<figure class=\"wp-block-image size-large\"><img loading=\"lazy\" decoding=\"async\" width=\"1024\" height=\"576\" src=\"https:\/\/valor-sp.de\/wp-content\/uploads\/2024\/06\/Pressemitteilung-1920-x-1080-px-1024x576.png\" alt=\"Auf einem fliederfarbenem Hintergrund ist eine Welle zu sehen, die in den Farben der progressiven Prideflagge gehalten wurde (von oben nach unten: Helllila, Gelb, Wei\u00df, Rosa, Hellblau, Braun, Schwarz, Rot, Orange, Gelb, Gr\u00fcn, Dunkelblau, Dunkellila). Darauf ist ein Mops mit Geweih aus Stein. Links neben ihm ist eine Sprechblase, mit dunkellila Umrandung und hellgelber Schattierung, in der steht: &quot;Pressemitteilung&quot;. Unter der Welle steht: &quot;Gemeinsam f\u00fcr ein vielf\u00e4ltiges Brandenburg&quot; Darunter gefetteter Text: &quot;Save the Date: 06.07.2024 - 15 Uhr - Brandenburg Hbf&quot;. Unten steht der Slogan &quot;CSD Brandenburg. Queer an der Havel&quot;.\" class=\"wp-image-815\" srcset=\"https:\/\/haveldervielfalt.de\/wp-content\/uploads\/2024\/06\/Pressemitteilung-1920-x-1080-px-1024x576.png 1024w, https:\/\/haveldervielfalt.de\/wp-content\/uploads\/2024\/06\/Pressemitteilung-1920-x-1080-px-300x169.png 300w, https:\/\/haveldervielfalt.de\/wp-content\/uploads\/2024\/06\/Pressemitteilung-1920-x-1080-px-768x432.png 768w, https:\/\/haveldervielfalt.de\/wp-content\/uploads\/2024\/06\/Pressemitteilung-1920-x-1080-px-1536x864.png 1536w, https:\/\/haveldervielfalt.de\/wp-content\/uploads\/2024\/06\/Pressemitteilung-1920-x-1080-px.png 1920w\" sizes=\"auto, (max-width: 1024px) 100vw, 1024px\" \/><\/figure>\n\n\n\n<p><strong>CSD in Brandenburg a.d.H. &#8211; Gemeinsam f\u00fcr ein vielf\u00e4ltiges Brandenburg<\/strong><br><br><strong>Rahmeninformationen<\/strong><br><br><strong>Datum:<\/strong> 06.07.2024<br><br><strong>Beginn:<\/strong> 15.00 Uhr HBF Brandenburg an der Havel<br><br><strong>Abschlusskundgebung:<\/strong> ab 17.00 Uhr am Nicolaiplatz<br><br><strong>Hinweis:<\/strong> Die Route wird mit dem Rollstuhl befahrbar sein.<br><br>Am 06. Juli wird es auch in diesem Jahr in Brandenburg an der Havel wieder einen Christopher Street Day (CSD) geben. Wir laden herzlich alle Queers und Verb\u00fcndeten dazu ein, mit uns auf die Stra\u00dfe zu gehen und f\u00fcr mehr Sichtbarkeit zu k\u00e4mpfen (Anm.: &#8220;queer&#8221; als Selbstbezeichnung f\u00fcr Menschen der LGBTQIA+-Gemeinschaft, nicht als Beleidigung). Denn Sichtbarkeit schafft Sicherheit.<br><br>Im Sinne des ersten Christopher Street Days im Jahr 1970 gehen wir auch heute noch auf die Stra\u00dfe. Damals protestierten marginalisierte Menschen, darunter Schwarze, trans* Personen, Drag Queens, feminin auftretende junge M\u00e4nner, m\u00e4nnliche Prostituierte und wohnungslose Jugendliche, gegen die ihnen zugef\u00fcgte Gewalt und Kriminalisierung. Seit 1970 hat sich nat\u00fcrlich viel ver\u00e4ndert und verbessert. Dennoch haben die Gewalttaten gegen queere Menschen seit 2020 erheblich zugenommen. Queere Menschen, also z.B. trans Personen, k\u00f6nnen sich auch bei uns in Brandenburg noch immer nicht sicher f\u00fchlen.<br><br>Auch die Stadt Brandenburg kann eine fast 40-j\u00e4hrige, queere Geschichte verzeichnen. Der damals hiesige\u201aArbeitskreis Homosexualit\u00e4t\u2018 in der DDR hat u.a. f\u00fcr die Abschaffung des \u00a7151 StGB gek\u00e4mpft. Er beinhaltete ein h\u00f6heres Schutzalter vor homosexuellen im Vergleich zu heterosexuellen Kontakten.<br><br>Wir wollen laut sein, um f\u00fcr ein Brandenburg zu k\u00e4mpfen, in dem sich alle Menschen, unabh\u00e4ngig von Geschlecht, Hautfarbe oder sexueller Orientierung, wohlf\u00fchlen k\u00f6nnen. Der CSD soll ein Ort sein, an dem wir uns sicher f\u00fchlen und unsere Vielf\u00e4ltigkeit feiern k\u00f6nnen.<br><br>Wir freuen uns darauf, zahlreich mit euch am 06. Juli f\u00fcr ein vielf\u00e4ltiges Brandenburg auf die Stra\u00dfe zu gehen! \ud83d\udc9c\ud83d\udc9a\ud83e\udde1\u2764\ufe0f\ud83c\udff3\ufe0f\u200d\ud83c\udf08<\/p>\n\n\n\n<p><strong>Anmerkung:<\/strong> W\u00e4hrend der gesamten Veranstaltung sind Partei- und Nationalflaggen nicht erw\u00fcnscht. Der CSD ist keine Wahlkampfveranstaltung und k\u00e4mpft parteiunabh\u00e4ngig f\u00fcr die Rechte von diskriminierten Gruppen. Dennoch sind alle Menschen herzlich eingeladen, solange sie unsere Ziele unterst\u00fctzen &#8211; nur eben ohne Partei- und Nationalflaggen.<\/p>\n","protected":false},"excerpt":{"rendered":"<p>CSD in Brandenburg a.d.H. &#8211; Gemeinsam f\u00fcr ein vielf\u00e4ltiges Brandenburg Rahmeninformationen Datum: 06.07.2024 Beginn: 15.00 Uhr HBF Brandenburg an der Havel Abschlusskundgebung: ab 17.00 Uhr am Nicolaiplatz Hinweis: Die Route wird mit dem Rollstuhl&#46;&#46;&#46;<\/p>\n","protected":false},"author":7,"featured_media":0,"parent":640,"menu_order":0,"comment_status":"closed","ping_status":"closed","template":"","meta":{"footnotes":""},"class_list":["post-787","page","type-page","status-publish","hentry"],"_links":{"self":[{"href":"https:\/\/haveldervielfalt.de\/index.php?rest_route=\/wp\/v2\/pages\/787","targetHints":{"allow":["GET"]}}],"collection":[{"href":"https:\/\/haveldervielfalt.de\/index.php?rest_route=\/wp\/v2\/pages"}],"about":[{"href":"https:\/\/haveldervielfalt.de\/index.php?rest_route=\/wp\/v2\/types\/page"}],"author":[{"embeddable":true,"href":"https:\/\/haveldervielfalt.de\/index.php?rest_route=\/wp\/v2\/users\/7"}],"replies":[{"embeddable":true,"href":"https:\/\/haveldervielfalt.de\/index.php?rest_route=%2Fwp%2Fv2%2Fcomments&post=787"}],"version-history":[{"count":0,"href":"https:\/\/haveldervielfalt.de\/index.php?rest_route=\/wp\/v2\/pages\/787\/revisions"}],"up":[{"embeddable":true,"href":"https:\/\/haveldervielfalt.de\/index.php?rest_route=\/wp\/v2\/pages\/640"}],"wp:attachment":[{"href":"https:\/\/haveldervielfalt.de\/index.php?rest_route=%2Fwp%2Fv2%2Fmedia&parent=787"}],"curies":[{"name":"wp","href":"https:\/\/api.w.org\/{rel}","templated":true}]}}