{"id":450,"date":"2023-09-01T17:40:50","date_gmt":"2023-09-01T17:40:50","guid":{"rendered":"https:\/\/haveldervielfalt.de\/?page_id=450"},"modified":"2023-09-01T17:40:50","modified_gmt":"2023-09-01T17:40:50","slug":"jeannette-horn","status":"publish","type":"page","link":"https:\/\/haveldervielfalt.de\/?page_id=450","title":{"rendered":"Jeannette Horn"},"content":{"rendered":"\n<p>Liebe Community,<br>liebe Brandenburgerinnen und Brandenburger,<br>liebe G\u00e4ste,<\/p>\n\n\n\n<p>der Christopher Street Day findet in diesem Jahr zum dritten Mal hier in Brandenburg an der<br>Havel statt.<\/p>\n\n\n\n<p>Heute ist der richtige Anlass, um unsere gemeinsame Vision einer solidarischen Gesellschaft<br>zu feiern und zu st\u00e4rken. Unter dem Motto \u201eZusammen f\u00fcr ein solidarisches Brandenburg\u201c<br>versammeln wir uns heute, um f\u00fcr ein Brandenburg einzustehen, in dem Toleranz, Akzeptanz<br>und Gleichberechtigung gelebt wird.<\/p>\n\n\n\n<p>Solidarit\u00e4t bedeutet f\u00fcr uns, dass wir f\u00fcreinander einstehen und uns gegenseitig unterst\u00fctzen,<br>unabh\u00e4ngig von Herkunft, sexueller Orientierung oder Geschlechtsidentit\u00e4t. Es geht darum zu<br>sagen: \u201eWir sind eine Gemeinschaft und wir stehen Seite an Seite, um f\u00fcr unsere Rechte,<br>unsere Freiheit und W\u00fcrde einzustehen.<\/p>\n\n\n\n<p>Brandenburg hat in den letzten Jahren immense Fortschritte gemacht, um eine \u201evielf\u00e4ltige\u201c<br>Gesellschaft zu f\u00f6rdern. Dennoch sind wir uns bewusst, dass diesbez\u00fcglich noch viel Arbeit<br>vor uns liegt. Wir m\u00fcssen weiterhin f\u00fcr die Belange der LGBTQ+ Community k\u00e4mpfen und<br>daran arbeiten, Vorurteile und Diskriminierung endg\u00fcltig zu \u00fcberwinden.<\/p>\n\n\n\n<p>Es ist unsere Verantwortung daf\u00fcr zu sorgen, dass alle Menschen in Brandenburg ihre Liebe<br>frei und ohne Angst zeigen k\u00f6nnen. Es sollte keine Rolle spielen, wen wir lieben, wen wir<br>begehren oder wie wir uns identifizieren. Jeder Mensch verdient Respekt, Anerkennung und<br>Gleichbehandlung.<\/p>\n\n\n\n<p>Lasst uns heute gemeinsam f\u00fcr diese Werte einstehen und ein Zeichen setzen. Lasst uns<br>gemeinsam durch die Stra\u00dfen ziehen, unsere Vielfalt pr\u00e4sentieren und unsere<br>Lebenswirklichkeit erz\u00e4hlen.<\/p>\n\n\n\n<p>Lasst uns all die gro\u00dfartigen Errungenschaften feiern, die wir bisher erreicht haben, und uns<br>gegenseitig ermutigen, weiterhin unerm\u00fcdlich und gegen Widerst\u00e4nde f\u00fcr eine solidarische<br>Gesellschaft zu k\u00e4mpfen.<\/p>\n\n\n\n<p>Denn Solidarit\u00e4t h\u00f6rt nicht an den Grenzen Brandenburgs auf. Wir stehen auch im nationalen<br>wie internationalen Kontext f\u00fcr eine Welt ein, in der Unterschiede keine Rolle spielen sollten<br>und in der alle Menschen frei und ohne Angst leben k\u00f6nnen. Lasst uns auch f\u00fcr diejenigen<br>sprechen, die keine Stimme haben.<\/p>\n\n\n\n<p>Ich bin \u00fcberzeugt, dass wir als Brandenburgerinnen und Brandenburger zusammen f\u00fcr eine<br>solidarische Stadt stehen k\u00f6nnen. Es liegt an uns, die Ver\u00e4nderungen zu bewirken, die wir uns<br>w\u00fcnschen. Seien wir mutig, gehen wir voran, und geben niemals auf.<\/p>\n\n\n\n<p>Ich danke euch allen f\u00fcr eure Unterst\u00fctzung und euren Einsatz f\u00fcr eine bunte und vielf\u00e4ltige<br>Gesellschaft.<\/p>\n","protected":false},"excerpt":{"rendered":"<p>Liebe Community,liebe Brandenburgerinnen und Brandenburger,liebe G\u00e4ste, der Christopher Street Day findet in diesem Jahr zum dritten Mal hier in Brandenburg an derHavel statt. Heute ist der richtige Anlass, um unsere gemeinsame Vision einer solidarischen&#46;&#46;&#46;<\/p>\n","protected":false},"author":7,"featured_media":0,"parent":433,"menu_order":0,"comment_status":"closed","ping_status":"closed","template":"","meta":{"footnotes":""},"class_list":["post-450","page","type-page","status-publish","hentry"],"_links":{"self":[{"href":"https:\/\/haveldervielfalt.de\/index.php?rest_route=\/wp\/v2\/pages\/450","targetHints":{"allow":["GET"]}}],"collection":[{"href":"https:\/\/haveldervielfalt.de\/index.php?rest_route=\/wp\/v2\/pages"}],"about":[{"href":"https:\/\/haveldervielfalt.de\/index.php?rest_route=\/wp\/v2\/types\/page"}],"author":[{"embeddable":true,"href":"https:\/\/haveldervielfalt.de\/index.php?rest_route=\/wp\/v2\/users\/7"}],"replies":[{"embeddable":true,"href":"https:\/\/haveldervielfalt.de\/index.php?rest_route=%2Fwp%2Fv2%2Fcomments&post=450"}],"version-history":[{"count":0,"href":"https:\/\/haveldervielfalt.de\/index.php?rest_route=\/wp\/v2\/pages\/450\/revisions"}],"up":[{"embeddable":true,"href":"https:\/\/haveldervielfalt.de\/index.php?rest_route=\/wp\/v2\/pages\/433"}],"wp:attachment":[{"href":"https:\/\/haveldervielfalt.de\/index.php?rest_route=%2Fwp%2Fv2%2Fmedia&parent=450"}],"curies":[{"name":"wp","href":"https:\/\/api.w.org\/{rel}","templated":true}]}}