{"id":1316,"date":"2025-05-19T19:28:29","date_gmt":"2025-05-19T18:28:29","guid":{"rendered":"https:\/\/haveldervielfalt.de\/?page_id=1316"},"modified":"2025-05-24T08:46:28","modified_gmt":"2025-05-24T07:46:28","slug":"seebruecke-potsdam","status":"publish","type":"page","link":"https:\/\/haveldervielfalt.de\/?page_id=1316","title":{"rendered":"Seebr\u00fccke Potsdam"},"content":{"rendered":"\n<p><strong>Redebeitrag der Seebr\u00fccke Potsdam<\/strong><\/p>\n\n\n\n<p>f\u00fcr CSD Brandenburg 2025<\/p>\n\n\n\n<h1 class=\"wp-block-heading\">Deutsch:<\/h1>\n\n\n\n<p>Wir wollen bei unserem Redebeitrag gerne \u00fcber den Prozess und vor Allem \u00fcber die Berichterstattung \u00fcber den Fall von Cleo sprechen, eine trans Frau aus S\u00fcdafrika, die in Potsdam in einer Sammelunterkunft f\u00fcr Gefl\u00fcchtete leben musste.<\/p>\n\n\n\n<p>Sie ist in einem Indizienprozess zu 12 Jahren und 8 Monaten Haft verurteilt worden, mit dem Vorwurf im Jahr 2024 den Wachmann Anwar A. brutal erstochen zu haben.<\/p>\n\n\n\n<p>Der grausame Tod von Anwar A.macht uns auch ein Jahr nach der Tat tief betroffen und fassungslos. Wir w\u00fcnschen uns eine l\u00fcckenlose Aufkl\u00e4rung des Falles, aber auf eine faire und gerechte Art und Weise.<\/p>\n\n\n\n<p>Wir haben den Prozess gegen Cleo mit begleitet und wir sind entsetzt \u00fcber die Vorverurteilung, Transfeindlichkeit und rassistische Ressentiments, die die Verurteilung von Cleo offensichtlich mit beeinflusst haben.<\/p>\n\n\n\n<p>Cleo wurde nach 8-t\u00e4giger Verhandlung, ohne eindeutige Beweise, ohne Augenzeugen, ohne DNA-Spuren und ohne Tatwaffe aufgrund sogenannter \u201eBeweisanzeichen\u201c zu 12 Jahren und 8 Monaten Haft in einem M\u00e4nnergef\u00e4ngnis verurteilt.<\/p>\n\n\n\n<p>Ihre Identit\u00e4t als Frau wurde ihr bereits vom Beginn des Prozesses abgesprochen, so wurde sie st\u00e4ndig misgendert.<\/p>\n\n\n\n<p>Ihr \u00c4u\u00dferes, ihre Transidentit\u00e4t, ihr Sexualleben spielten in vielen Zeug*innenbefragungen eine Rolle, obwohl diese \u00fcberhaupt nicht relevant f\u00fcr den Prozess waren.<\/p>\n\n\n\n<p>Bereits in der Untersuchungshaft wurde sie vom Frauengef\u00e4ngnis Luckau Duben in das M\u00e4nnergef\u00e4ngnis in Neuruppin verlegt, weil die Leitung in Luckau Duben bef\u00fcrchtete, Cleo k\u00f6nnte die anderen Insassinnen schw\u00e4ngern, obwohl es daf\u00fcr keine Anzeichen gab. Das ist klar transfeindlich und rassistisch.<\/p>\n\n\n\n<p>Die Transmisogynie gipfelte weiter in dem Gutachten von Bodo Anders, einem Mediziner, der \u2013 ohne ein Gespr\u00e4ch mit Cleo gef\u00fchrt zu haben, noch auf trans-affirmative Behandlungen spezialisiert zu sein \u2013 sie als nicht wirklich \u201etrans\u201c erkl\u00e4rte, da sie nicht durchgehend Hormone genommen h\u00e4tte und nicht submissiv genug in ihrem Sexualleben sei.<\/p>\n\n\n\n<p>Medienvertreter, allen voran die Springer Presse mit der&#8221;Bild &#8221; Zeitung, aber auch seri\u00f6sere Zeitungen, st\u00fcrzten sich auf das Narrativ der &#8220;gewaltt\u00e4tigen, unangepassten Gefl\u00fcchteten, die den integrierten Gefl\u00fcchteten ermordet hat&#8221;, bereits vor der eigentlichen Verurteilung.<\/p>\n\n\n\n<p>Wir sind entsetzt \u00fcber die populistische Form, in der viele der Berichte verfasst sind, und \u00fcber die rechte Hetze und Narrative, derer sich dabei bedient wird.<\/p>\n\n\n\n<p>Berichte, die sich mit der Frage besch\u00e4ftigen, warum eine angeblich so offensichtlich gef\u00e4hrliche Person wie die Angeklagte nicht schon lange abgeschoben w\u00fcrde, suggerieren schon im Vorfeld, erstens dass die Angeklagte die T\u00e4terin gewesen sei, zweitens bedient dies rassistische Narrative gegen Gefl\u00fcchtete und normalisiert die zurzeit gel\u00e4ufige Wahnvorstellung, dass Kriminalit\u00e4t in Deutschland &#8220;importiert&#8221; sei und sich durch immer mehr und unmenschlichere Abschiebungen l\u00f6sen lie\u00dfe.<\/p>\n\n\n\n<p>Rassistische Ressentiments und trans- und homo-feindliche \u00c4u\u00dferungen sollten weder in Presseartikeln auftauchen, noch kann es sein, dass Mitarbeiter*innen von staatlichen Organen, wie in der Justiz oder auch bei der Polizei ihr Handeln von menschenfeindlichen Vorurteilen beeinflussen lassen.<\/p>\n\n\n\n<p>Der Fall von Lorenz aus Oldenburg, der von einem Polizisten mit 5 Sch\u00fcssen, davon 3 in den R\u00fccken, erschossen wurde, hat erneut gezeigt, dass Polizeigewalt und Rassismus eng miteinander verbunden sind.<\/p>\n\n\n\n<p>Aber es zeigt sich auch ganz deutlich,dass es anscheinend auch seitens der Oldenburger Polizei keinerlei Interesse daran besteht den Fall wirklich aufzukl\u00e4ren, um der Familie von Lorenz zumindest eine Geste von W\u00fcrde und Gerechtigkeit entgegenzubringen.<\/p>\n\n\n\n<p>Aber es ist leider in fast allen erschreckenden &#8220;Einzelf\u00e4llen&#8221; das gleiche Muster:<\/p>\n\n\n\n<p>befreundete Polizeidienststelle ermittelt gegen befreundete Kollegen.<\/p>\n\n\n\n<p>Das Ergebnis dieser &#8220;Ermittlung&#8221; ist sicherlich nicht besonders schwer vorherzusehen und ein weiterer Schlag ins Gesicht der Angeh\u00f6rigen von Lorenz.<\/p>\n\n\n\n<p>Rassismus in der Polizei stigmatisiert, diskriminiert und t\u00f6tet.<\/p>\n\n\n\n<p>Nicht nur tagt\u00e4gliche Polizeigewalt ist von Rassismus betroffen.<\/p>\n\n\n\n<p>Auch die aktuelle Narrativverschiebung in der Migrationsdebatte \u2013 von Schutz zu \u201eAbwehr\u201c, von Mensch zu \u201eLast\u201c \u2013 ist kein Zufall, sondern Ausdruck strukturellen Rassismus\u2019, der Migrant*innen systematisch entmenschlicht und kriminalisiert.<\/p>\n\n\n\n<p>Was wir hier erleben, ist kein isolierter Vorfall, sondern ein politisches Klima, das das Grundrecht auf Asyl aush\u00f6hlt, Schutzbed\u00fcrftige kriminalisiert und insbesondere queere Gefl\u00fcchtete im Stich l\u00e4sst.<\/p>\n\n\n\n<p>Wir stehen hier, um laut zu sein gegen eine Politik, die den Wert des menschlichen Lebens zugunsten von Grenzschutz und Abschottung aufgibt.<\/p>\n\n\n\n<p>Was wir in den letzten Jahren erleben, ist ein dramatischer Bruch mit humanit\u00e4ren und menschenrechtlichen Prinzipien.<\/p>\n\n\n\n<p>Der aktuelle Koalitionsvertrag sieht Migration als ein \u201eRisiko\u201c, das es zu \u201ebegrenzen\u201c gilt. Schutzsuchende werden nicht mehr als Menschen gesehen \u2013 sondern als \u201eProblem\u201c, das \u201egesteuert\u201c und \u201ereduziert\u201c werden soll. Dieses Narrativ durchzieht den gesamten Koalitionsvertrag \u2013 und es ist brandgef\u00e4hrlich.<\/p>\n\n\n\n<p>Mit der M\u00f6glichkeit, Asylgesuche bereits an den Staatsgrenzen zur\u00fcckzuweisen, bricht Deutschland klar mit dem Grundrecht auf Asyl. Hier geht es nicht um eine Reform, es ist ein R\u00fcckbau der Menschenrechte. Ein Angriff auf das, was uns als Gesellschaft zusammenh\u00e4lt: die Solidarit\u00e4t mit den Schw\u00e4chsten und die Verpflichtung, Menschen in Not zu helfen.<\/p>\n\n\n\n<p>Besonders deutlich wird diese Abkehr von den Prinzipien der Menschlichkeit in Brandenburg \u2013 konkret am sogenannten Dublin Zentrum in Eisenh\u00fcttenstadt.<\/p>\n\n\n\n<p>Ein Ort, an dem nicht Schutz, sondern Abschreckung das Ziel ist. Ein Ort, an dem Menschen unter prek\u00e4ren Bedingungen festgehalten werden, w\u00e4hrend man sie in gro\u00df angelegten Abschiebeaktionen so schnell wie m\u00f6glich aus Deutschland entfernen m\u00f6chte. Hier wird Migration nicht als Chance gesehen, sondern als Problem, das es zu eliminieren gilt.<\/p>\n\n\n\n<p>Dieses Narrativ ist nicht nur gef\u00e4hrlich \u2013 es ist zutiefst entmenschlichend. Wenn wir Schutzsuchende als \u201eLast\u201c und \u201eBelastung\u201c betrachten, dann verschieben wir die gesellschaftliche Wahrnehmung von Menschen zu Bedrohungen. Und dieses Framing schafft die Grundlage f\u00fcr Diskriminierung, Gewalt und Ausgrenzung.<\/p>\n\n\n\n<p>Es legitimiert rassistische Diskurse und macht rechte Politik gesellschaftsf\u00e4hig. Diese Rhetorik baut Mauern, statt Br\u00fccken zu schaffen.<\/p>\n\n\n\n<p>Besonders gef\u00e4hrlich wird es, wenn dieses Narrativ auch auf besonders verletzliche Gruppen angewendet wird \u2013 wie auf queere Gefl\u00fcchtete. Deutschland m\u00f6chte Staaten, in denen Queer-Sein unter Strafe steht, als \u201esichere Herkunftsstaaten\u201c einordnen. Wer dies tut, nimmt bewusst in Kauf, dass Menschen in ein System der Verfolgung, Folter und sogar den Tod abgeschoben werden.<\/p>\n\n\n\n<p>Diese Politik ist kein \u201eSchutz\u201c, sie ist eine bewusste Missachtung der Menschenrechte und der Verantwortung, die Deutschland f\u00fcr den Schutz von Schw\u00e4chsten tr\u00e4gt.<\/p>\n\n\n\n<p>Es geht hier nicht um abstrakte politische Entscheidungen \u2013 es geht um konkrete Leben.<\/p>\n\n\n\n<p>Es geht um Menschen, die alles riskiert haben, um Schutz zu finden \u2013 und denen wir diesen Schutz jetzt verwehren.<\/p>\n\n\n\n<p>Wir d\u00fcrfen uns nicht daran gew\u00f6hnen, wir d\u00fcrfen nicht zulassen, dass aus Solidarit\u00e4t Abschottung wird, aus Schutz Haftlager, aus Menschen \u201eGef\u00e4hrder\u201c.<\/p>\n\n\n\n<p>Wir d\u00fcrfen nicht zulassen, dass rechte Narrative zur politischen Mitte werden.<\/p>\n\n\n\n<hr class=\"wp-block-separator has-alpha-channel-opacity\"\/>\n\n\n\n<h1 class=\"wp-block-heading\">English:<\/h1>\n\n\n\n<p>In our speech, we would like to talk about the trial and, above all, about the reporting on the case of Cleo, a trans woman from South Africa who had to live in collective accommodation for refugees in Potsdam.<\/p>\n\n\n\n<p>She was sentenced to 12 years and 8 months in prison in a circumstantial evidence trial, accused of brutally stabbing the security guard Anwar A. in 2024.<\/p>\n\n\n\n<p>The cruel death of Anwar A. still leaves us deeply saddened and stunned one year after the crime.<\/p>\n\n\n\n<p>We want the case to be fully investigated, but in a fair and just manner.<\/p>\n\n\n\n<p>We accompanied the trial against Cleo and we are appalled by the prejudgement, trans-hostility and racist resentment and racist resentment that obviously influenced the conviction of Cleo.<\/p>\n\n\n\n<p>Cleo was sentenced to 12 years and 8 months in a men&#8217;s prison after an 8-day trial with no clear evidence, no eyewitnesses, no DNA traces and no murder weapon on the basis of so-called &#8220;signs of evidence&#8221;.<\/p>\n\n\n\n<p>Her identity as a woman was denied from the beginning of the trial, so she was constantly misgendered.<\/p>\n\n\n\n<p>Her appearance, her trans identity and her sex life played a role in many witness interviews, although they were not at all relevant to the trial.<\/p>\n\n\n\n<p>She was transferred from the women&#8217;s prison in Luckau Duben to the men&#8217;s prison in Neuruppin while still on remand because the management in Luckau Duben feared that Cleo might impregnate the other inmates, although there were no signs of this.<\/p>\n\n\n\n<p>This is clearly transphobic and racist.<\/p>\n\n\n\n<p>The transmisogyny culminated further in the expert opinion of Bodo Anders, a doctor who &#8211; without having had a conversation with Cleo, nor being specialized in transaffirmative treatments &#8211; declared her to not really be &#8220;trans&#8221; because she had not taken hormones consistently and was not submissive enough in her sex life.<\/p>\n\n\n\n<p>Media representatives, above all the Springer press with the &#8220;Bild&#8221; newspaper, but also more serious newspapers, jumped on the narrative of the &#8220;violent, non-conformist refugee who murdered the integrated refugee&#8221;, even before the actual condemnation.<\/p>\n\n\n\n<p>We are appalled by the populist form in which many of the reports are written and by the right-wing agitation and narratives that are used.<\/p>\n\n\n\n<p>Reports that deal with the question of why a person as obviously dangerous as the accused was not deported a long time ago suggest in advance, firstly, that the accused was the perpetrator, secondly, this serves racist narratives against refugees and normalizes the currently common delusion that crime in Germany is &#8220;imported&#8221; and can be solved by more and more inhumane deportations.<\/p>\n\n\n\n<p>Racist resentment and anti-trans and homophobic statements should not appear in press articles, nor should employees of state bodies, such as the judiciary or the police, allow their actions to be influenced by misanthropic prejudices.<\/p>\n\n\n\n<p>The case of Lorenz from Oldenburg, who was shot by a police officer with 5 shots, 3 of them in the back, has shown once again that police violence and racism are closely linked.<\/p>\n\n\n\n<p>But it is also very clear that the Oldenburg police seems to have no interest in really solving the case in order to at least show Lorenz&#8217; family a gesture of dignity and justice.<\/p>\n\n\n\n<p>But unfortunately it is the same pattern in almost all the appalling &#8220;individual cases&#8221;:<\/p>\n\n\n\n<p>friendly police departments are investigating friendly colleagues.<\/p>\n\n\n\n<p>The outcome of this &#8220;investigation&#8221; is certainly not particularly difficult to predict and a further slap in the face of Lorenz&#8217;s relatives.<\/p>\n\n\n\n<p>Racism in the police force stigmatizes, discriminates and kills .<\/p>\n\n\n\n<p>Not only daily police violence is affected by racism.<\/p>\n\n\n\n<p>The current narrative shift in the migration debate &#8211; from protection to \u201cdefense\u201d, from human being to &#8220;burden&#8221; &#8211; is also no coincidence, but an expression of structural racism that systematically dehumanizes and criminalizes migrants.<\/p>\n\n\n\n<p>What we are experiencing here is not an isolated incident, but a political climate that undermines the basic right to asylum, criminalizes those in need of protection and leaves queer refugees in particular in the lurch.<\/p>\n\n\n\n<p>We are here to speak out against a policy that abandons the value of human life in favor of border protection and isolation.<\/p>\n\n\n\n<p>What we have seen in recent years is a dramatic breach of humanitarian and human rights principles.<\/p>\n\n\n\n<p>The current coalition agreement sees migration as a &#8220;risk&#8221; that needs to be &#8220;limited&#8221;.<\/p>\n\n\n\n<p>People seeking protection are no longer seen as people &#8211; but as a &#8220;problem&#8221; that needs to be &#8220;managed&#8221; and &#8220;reduced&#8221;. This narrative permeates the entire coalition agreement &#8211; and it is extremely dangerous.<\/p>\n\n\n\n<p>With the possibility of rejecting asylum applications at national borders, Germany is clearly breaking with the fundamental right to asylum. This is not a reform, it is a dismantling of human rights. It is an attack on what holds us together as a society: solidarity with the weakest and the obligation to help people in need.<\/p>\n\n\n\n<p>This rejection of the principles of humanity is particularly evident in Brandenburg &#8211; specifically at the so-called Dublin Center in Eisenh\u00fcttenstadt.<\/p>\n\n\n\n<p>A place where the aim is not protection but deterrence. A place where people are detained in precarious conditions while large-scale deportation operations are carried out to remove them from Germany as quickly as possible. Migration is not seen as an opportunity here, but as a problem that needs to be eliminated.<\/p>\n\n\n\n<p>This narrative is not only dangerous &#8211; it is deeply dehumanizing. When we view people seeking protection as a &#8220;burden&#8221; and a &#8220;burden&#8221;, we shift society&#8217;s perception of people to threats. And this framing creates the basis for discrimination, violence and exclusion.<\/p>\n\n\n\n<p>It legitimizes racist discourse and makes right-wing politics socially acceptable. This rhetoric builds walls instead of bridges.<\/p>\n\n\n\n<p>It becomes particularly dangerous when this narrative is also applied to particularly vulnerable groups &#8211; such as queer refugees. Germany wants to classify countries in which being queer is a punishable offense as &#8220;safe countries of origin&#8221;. Anyone who does this is consciously accepting that people will be deported to a system of persecution, torture and even death.<\/p>\n\n\n\n<p>This policy is not &#8220;protection&#8221;, it is a deliberate disregard for human rights and Germany&#8217;s responsibility to protect the most vulnerable.<\/p>\n\n\n\n<p>This is not about abstract political decisions &#8211; it is about concrete lives.<\/p>\n\n\n\n<p>We are talking about people who have risked everything to find protection &#8211; and who are now being denied this protection.<\/p>\n\n\n\n<p>We must not get used to this, we must not allow solidarity to become isolationism, protection to become detention camps, people to become &#8220;persons likely to threaten public safety&#8221;.<\/p>\n\n\n\n<p>We must not allow right-wing narratives to become the political center.<\/p>\n","protected":false},"excerpt":{"rendered":"<p>Redebeitrag der Seebr\u00fccke Potsdam f\u00fcr CSD Brandenburg 2025 Deutsch: Wir wollen bei unserem Redebeitrag gerne \u00fcber den Prozess und vor Allem \u00fcber die Berichterstattung \u00fcber den Fall von Cleo sprechen, eine trans Frau aus&#46;&#46;&#46;<\/p>\n","protected":false},"author":1,"featured_media":0,"parent":0,"menu_order":0,"comment_status":"closed","ping_status":"closed","template":"","meta":{"footnotes":""},"class_list":["post-1316","page","type-page","status-publish","hentry"],"_links":{"self":[{"href":"https:\/\/haveldervielfalt.de\/index.php?rest_route=\/wp\/v2\/pages\/1316","targetHints":{"allow":["GET"]}}],"collection":[{"href":"https:\/\/haveldervielfalt.de\/index.php?rest_route=\/wp\/v2\/pages"}],"about":[{"href":"https:\/\/haveldervielfalt.de\/index.php?rest_route=\/wp\/v2\/types\/page"}],"author":[{"embeddable":true,"href":"https:\/\/haveldervielfalt.de\/index.php?rest_route=\/wp\/v2\/users\/1"}],"replies":[{"embeddable":true,"href":"https:\/\/haveldervielfalt.de\/index.php?rest_route=%2Fwp%2Fv2%2Fcomments&post=1316"}],"version-history":[{"count":2,"href":"https:\/\/haveldervielfalt.de\/index.php?rest_route=\/wp\/v2\/pages\/1316\/revisions"}],"predecessor-version":[{"id":1332,"href":"https:\/\/haveldervielfalt.de\/index.php?rest_route=\/wp\/v2\/pages\/1316\/revisions\/1332"}],"wp:attachment":[{"href":"https:\/\/haveldervielfalt.de\/index.php?rest_route=%2Fwp%2Fv2%2Fmedia&parent=1316"}],"curies":[{"name":"wp","href":"https:\/\/api.w.org\/{rel}","templated":true}]}}